{"id":107,"date":"2014-05-02T14:23:10","date_gmt":"2014-05-02T13:23:10","guid":{"rendered":"http:\/\/www.camping-noirmoutier-frandiere.fr\/?page_id=107"},"modified":"2026-01-08T13:39:02","modified_gmt":"2026-01-08T12:39:02","slug":"caravanes","status":"publish","type":"page","link":"https:\/\/www.camping-noirmoutier-frandiere.fr\/?page_id=107","title":{"rendered":"Le Camping dispose de 3 caravanes avec auvent"},"content":{"rendered":"\n<p class=\"has-pale-cyan-blue-color has-text-color has-link-color has-medium-font-size wp-elements-197eb7498b470dbd5b0f5884ab247a81\"><strong><em>Menu d\u00e9roulant de la rubrique caravane avec auvent pour voir les photos<\/em><\/strong><\/p>\n\n\n\n<p><\/p>\n\n\n\n<h3 class=\"wp-block-heading has-medium-font-size\"><span style=\"color: #000000;\"><strong><span style=\"color: #ff9900;\">3 caravanes avec auvent<\/span> <em>(caravanes 4 places)<\/em> : <\/strong><\/span><\/h3>\n\n\n\n<p class=\"has-medium-font-size\">Caravane <span style=\"color: #000000;\"><strong>\u00ab\u00a0Luzeronde\u00a0\u00bb : 1 lit de 160 et 1 banquette convertible en lit de 140<\/strong>, coin cuisine, micro-ondes, cafeti\u00e8re \u00e9lectrique, r\u00e9frig\u00e9rateur, vaisselle, t\u00e9l\u00e9vision, table et chaises sous l&rsquo;auvent et \u00e0 l&rsquo;ext\u00e9rieur, parasol&#8230;<\/span><\/p>\n\n\n\n<p><\/p>\n\n\n\n<p class=\"has-medium-font-size\">Caravane <span style=\"color: #000000;\"><strong>\u00ab\u00a0La Blanche\u00a0\u00bb : 1 lit de 140 et 1 banquette convertible en lit de 120<\/strong>, coin cuisine, micro-ondes, cafeti\u00e8re \u00e9lectrique, r\u00e9frig\u00e9rateur, vaisselle, t\u00e9l\u00e9vision, table et chaises sous l&rsquo;auvent et \u00e0 l&rsquo;ext\u00e9rieur, parasol&#8230;<\/span><\/p>\n\n\n\n<p><\/p>\n\n\n\n<p class=\"has-medium-font-size\">Caravane <span style=\"color: #000000;\"><strong>\u00ab\u00a0L<\/strong><\/span><strong>es Souzeaux<\/strong><span style=\"color: #000000;\"><strong>\u00a0\u00bb : 1 lit de 140 et 1 banquette convertible en lit de 120<\/strong>, coin cuisine, micro-ondes, cafeti\u00e8re \u00e9lectrique, r\u00e9frig\u00e9rateur, vaisselle, t\u00e9l\u00e9vision, table et chaises sous l&rsquo;auvent et \u00e0 l&rsquo;ext\u00e9rieur, parasol&#8230;<\/span><\/p>\n\n\n\n<p><\/p>\n\n\n\n<h3 class=\"wp-block-heading has-medium-font-size\">Remarques :<\/h3>\n\n\n\n<h3 class=\"wp-block-heading has-medium-font-size\"><span style=\"color: #000000;\">Possibilit\u00e9 de mettre une petite toile de tente \u00ab\u00a0igloo\u00a0\u00bb \u00e0 c\u00f4t\u00e9 de certaines caravanes.<\/span><\/h3>\n\n\n\n<h3 class=\"wp-block-heading has-medium-font-size\"><span style=\"color: #000000;\">Un local cuisine est \u00e9galement \u00e0 la disposition des locataires avec grands r\u00e9frig\u00e9rateurs<strong> i<\/strong>ndividuels, gazini\u00e8res, four et micro-ondes<\/span><strong>.<\/strong><\/h3>\n\n\n<div class=\"wp-block-image\">\n<figure class=\"aligncenter\"><a href=\"https:\/\/www.camping-noirmoutier-frandiere.fr\/wp-content\/uploads\/2014\/05\/IMG_20190704_205615.jpg\"><img loading=\"lazy\" decoding=\"async\" width=\"4608\" height=\"3456\" src=\"https:\/\/www.camping-noirmoutier-frandiere.fr\/wp-content\/uploads\/2014\/05\/IMG_20190704_205615.jpg\" alt=\"IMG_20190704_205615\" class=\"wp-image-758\" srcset=\"https:\/\/www.camping-noirmoutier-frandiere.fr\/wp-content\/uploads\/2014\/05\/IMG_20190704_205615.jpg 4608w, https:\/\/www.camping-noirmoutier-frandiere.fr\/wp-content\/uploads\/2014\/05\/IMG_20190704_205615-300x225.jpg 300w, https:\/\/www.camping-noirmoutier-frandiere.fr\/wp-content\/uploads\/2014\/05\/IMG_20190704_205615-1024x768.jpg 1024w\" sizes=\"auto, (max-width: 4608px) 100vw, 4608px\" \/><\/a><\/figure>\n<\/div>","protected":false},"excerpt":{"rendered":"<p>Menu d\u00e9roulant de la rubrique caravane avec auvent pour voir les photos 3 caravanes avec auvent (caravanes 4 places) : Caravane \u00ab\u00a0Luzeronde\u00a0\u00bb : 1 lit de 160 et 1 banquette convertible en lit de 140, coin cuisine, micro-ondes, cafeti\u00e8re \u00e9lectrique, r\u00e9frig\u00e9rateur, vaisselle, t\u00e9l\u00e9vision, table et chaises sous l&rsquo;auvent et \u00e0 l&rsquo;ext\u00e9rieur, parasol&#8230; Caravane \u00ab\u00a0La Blanche\u00a0\u00bb [&hellip;]<\/p>\n","protected":false},"author":1,"featured_media":0,"parent":0,"menu_order":0,"comment_status":"open","ping_status":"open","template":"","meta":{"footnotes":""},"class_list":["post-107","page","type-page","status-publish","hentry"],"_links":{"self":[{"href":"https:\/\/www.camping-noirmoutier-frandiere.fr\/index.php?rest_route=\/wp\/v2\/pages\/107","targetHints":{"allow":["GET"]}}],"collection":[{"href":"https:\/\/www.camping-noirmoutier-frandiere.fr\/index.php?rest_route=\/wp\/v2\/pages"}],"about":[{"href":"https:\/\/www.camping-noirmoutier-frandiere.fr\/index.php?rest_route=\/wp\/v2\/types\/page"}],"author":[{"embeddable":true,"href":"https:\/\/www.camping-noirmoutier-frandiere.fr\/index.php?rest_route=\/wp\/v2\/users\/1"}],"replies":[{"embeddable":true,"href":"https:\/\/www.camping-noirmoutier-frandiere.fr\/index.php?rest_route=%2Fwp%2Fv2%2Fcomments&post=107"}],"version-history":[{"count":66,"href":"https:\/\/www.camping-noirmoutier-frandiere.fr\/index.php?rest_route=\/wp\/v2\/pages\/107\/revisions"}],"predecessor-version":[{"id":1623,"href":"https:\/\/www.camping-noirmoutier-frandiere.fr\/index.php?rest_route=\/wp\/v2\/pages\/107\/revisions\/1623"}],"wp:attachment":[{"href":"https:\/\/www.camping-noirmoutier-frandiere.fr\/index.php?rest_route=%2Fwp%2Fv2%2Fmedia&parent=107"}],"curies":[{"name":"wp","href":"https:\/\/api.w.org\/{rel}","templated":true}]}}